{"id":7442,"date":"2015-04-29T14:17:22","date_gmt":"2015-04-29T14:17:22","guid":{"rendered":"http:\/\/porozmawiajmyozdrowiu.com\/?page_id=7442"},"modified":"2015-04-29T14:17:22","modified_gmt":"2015-04-29T14:17:22","slug":"marta-golinska","status":"publish","type":"page","link":"http:\/\/porozmawiajmyozdrowiu.com\/?page_id=7442","title":{"rendered":"Marta Goli\u0144ska"},"content":{"rendered":"<div id=\"fws_69f4bf88de98c\" class=\"wpb_row vc_row-fluid vc_custom_1430313720875\" style=\"background-position:top center!important;\">\n\t<div class=\"vc_col-sm-4 wpb_column column_container\" >\n\t\t<div class=\"wpb_wrapper\">\n\t\t\t\n\t<div class=\"wpb_single_image wpb_content_element vc_align_left\">\n\t\t<div class=\"wpb_wrapper\">\n\t\t\t\n\t\t\t<img class=\" vc_box_border_grey \" src=\"http:\/\/porozmawiajmyozdrowiu.com\/wp-content\/uploads\/2015\/04\/marta_golinska-d-360x560.jpg\" width=\"360\" height=\"560\" alt=\"marta_golinska-d\" title=\"marta_golinska-d\" \/>\n\t\t<\/div> \n\t<\/div> \n\t\t<\/div> \n\t<\/div> \n\n\t<div class=\"vc_col-sm-8 wpb_column column_container\" >\n\t\t<div class=\"wpb_wrapper\">\n\t\t\t\n\t<div class=\"wpb_text_column wpb_content_element \" >\n\t\t<div class=\"wpb_wrapper\">\n\t\t\t<p style=\"text-align: justify;\">Uko\u0144czy\u0142am Akademi\u0119 Ekonomiczn\u0105 w Krakowie kierunek &#8222;Organizacja i zarz\u0105dzanie&#8221;, od 20 lat zwi\u0105zana jestem z mod\u0105. Aktualnie pracuj\u0119 jako manager w salonie Deni Cler w Krakowie. Uwa\u017cam si\u0119 za osob\u0119 pe\u0142n\u0105 energii i entuzjazmu. Uwielbiam ludzi, ciesz\u0105 mnie nawet ma\u0142e rzeczy.<\/p>\n<h4 style=\"text-align: justify;\">Jakimi warto\u015bciami kieruj\u0119 si\u0119 w \u017cyciu? Co jest dla mnie najwa\u017cniejsze?<\/h4>\n<p style=\"text-align: justify;\">W \u017cyciu kieruj\u0119 si\u0119 mi\u0142o\u015bci\u0105, prawd\u0105, sprawiedliwo\u015bci\u0105 i nadziej\u0105. Szanuj\u0119 prac\u0119 i drugiego cz\u0142owieka. Najwa\u017cniejsze dla mnie jest zdrowie \u2013 moje i moich najbli\u017cszych.<\/p>\n<h4 style=\"text-align: justify;\">Jak dbam o siebie i swoje zdrowie?<\/h4>\n<p style=\"text-align: justify;\">Staram si\u0119 dba\u0107 o odpowiedni\u0105 diet\u0119 i w\u0142a\u015bciwy ruch fizyczny. Chodz\u0119 na si\u0142owni\u0119 i basen. Zim\u0105 je\u017cd\u017c\u0119 na nartach, latem na rowerze. Uwielbiam piesze w\u0119dr\u00f3wki po g\u00f3rach. Czasami korzystam z masa\u017cy i sauny. Nie zapominam o badaniach kontrolnych.<\/p>\n<h4 style=\"text-align: justify;\">Najwi\u0119ksze szcz\u0119\u015bcie czuj\u0119, gdy&#8230;<\/h4>\n<p style=\"text-align: justify;\">Kocham i jestem kochana.<\/p>\n<h4 style=\"text-align: justify;\">Nigdy nie znios\u0119&#8230;<\/h4>\n<p style=\"text-align: justify;\">K\u0142amstwa, agresji i cwaniactwa.<\/p>\n<h4 style=\"text-align: justify;\">Kiedy patrz\u0119 w lustro, my\u015bl\u0119 sobie&#8230;<\/h4>\n<p style=\"text-align: justify;\">Ca\u0142kiem fajna babka.<\/p>\n<h4 style=\"text-align: justify;\">Moje miejsce na Ziemi&#8230;<\/h4>\n<p style=\"text-align: justify;\">Tu i teraz.<\/p>\n<h4 style=\"text-align: justify;\">M\u0119\u017cczyzna mojego \u017cycia&#8230;<\/h4>\n<p style=\"text-align: justify;\">M\u0105dry, odpowiedzialny, wra\u017cliwy, czu\u0142y&#8230;<\/p>\n<h4 style=\"text-align: justify;\">Kt\u00f3ry moment swojego uwa\u017cam za najwa\u017cniejszy?<\/h4>\n<p style=\"text-align: justify;\">Narodziny dzieci: Moniki i Marcina.<\/p>\n<h4 style=\"text-align: justify;\">Co oznacza dla mnie bycie Ambasadork\u0105 &#8222;Porozmawiajmy o Zdrowiu&#8221;?<\/h4>\n<p style=\"text-align: justify;\">Jestem zwi\u0105zana z &#8222;Porozmawiajmy o Zdrowiu&#8221; od samego pocz\u0105tku i ca\u0142ym sercem popieram inicjatyw\u0119. Reklamuj\u0119 w\u015br\u00f3d znajomych kolejne spotkania. Zarazi\u0142am mam\u0119, c\u00f3rk\u0119 i wiele kole\u017canek. Sama wielokrotnie skorzysta\u0142am z bada\u0144 propagowanych podczas spotka\u0144 (ostatnio wygra\u0142am badania w Synevo &#8222;Panel Serce&#8221;) i g\u0142o\u015bno o tym m\u00f3wi\u0119, co sk\u0142ania do dyskusji, jak wa\u017cna jest profilaktyka.<\/p>\n\n\t\t<\/div> \n\t<\/div> \n\t\t<\/div> \n\t<\/div> \n<\/div><div id=\"fws_69f4bf88e0348\" class=\"wpb_row vc_row-fluid vc_custom_1417286989357\" style=\"background-position:top center!important;\">\n\t<div class=\"vc_col-sm-12 wpb_column column_container\" >\n\t\t<div class=\"wpb_wrapper\">\n\t\t\t<div class=\"headline big-centered \"><h3><span>Nasze Ambasadorki<\/span><\/h3><\/div><script type=\"text\/javascript\">\r\n\t\t\t\t\t\tjQuery(document).ready(function() {\r\n \t\t\t\t\t\tjQuery(\"#carousel2072812477\").owlCarousel({autoPlay: 5000,items : 3,itemsDesktop : [1199,3],itemsDesktopSmall : [980,3],itemsTablet : [768,2],itemsMobile : [479,1],navigation : false,pagiantion: true,navigationText : [\"\",\"\"] });});\r\n\t\t\t\t\t\t<\/script><div id=\"carousel2072812477\" class=\"owl-carousel\"><div class=\"item\" style=\"margin: 0 15px\"><div class=\"team-box team-box-animated\"><div class=\"inner\"><div class=\"front\"><img src=\"http:\/\/porozmawiajmyozdrowiu.com\/wp-content\/uploads\/2015\/04\/janina_czaja.jpg\" alt=\"\"><h3>Janina Czaja<\/h3><span class=\"position\">Ambasadorka POZ<\/span><\/div><div class=\"back\" style=\"background-color:#7DA055\"><div class=\"back-content\"><h3>Janina Czaja<\/h3><span>Ambasadorka POZ<\/span><p> Na dzie\u0144 dzisiejszy nie pracuj\u0119 zawodowo. Zajmuj\u0119 si\u0119 domem i dogadzam mojej rodzince \u2013 m\u0119\u017cowi, synkom, synowej oraz pi\u0119cioletniej wnuczce Zuzannie. W liceum sportowym, do kt\u00f3rego chodzi m\u00f3j m\u0142odszy syn, udzielam si\u0119 w Radzie Rodzic\u00f3w. W wolnych chwilach lubi\u0119 czyta\u0107 ksi\u0105\u017cki i rozwi\u0105zywa\u0107 krzy\u017c\u00f3wki. Zajmuj\u0119 si\u0119 tak\u017ce ogrodem i jestem wiernym kibicem sportowym. &#8230;<\/p>\n<a id=\"button-428057523\" href=\" http:\/\/porozmawiajmyozdrowiu.com\/?page_id=7438\" target=\"_self\" class=\"button_sc small\" ><span> czytaj wi\u0119cej<\/span><\/a><style type=\"text\/css\">#button-428057523 {background-color: rgba(255, 255, 255, 0.20)!important; border-color: rgba(255, 255, 255, 0.20)!important;}#button-428057523 span {color: #ffffff!important;}<\/style>\n<\/div><ul id=\"social-bar\" class=\"rounded\"><\/ul><\/div><\/div><\/div><div class=\"clearboth\"><\/div>\n<\/div>\n<div class=\"item\" style=\"margin: 0 15px\"><div class=\"team-box team-box-animated\"><div class=\"inner\"><div class=\"front\"><img src=\"http:\/\/porozmawiajmyozdrowiu.com\/wp-content\/uploads\/2015\/04\/marta_golinska.jpg\" alt=\"\"><h3>Marta Goli\u0144ska<\/h3><span class=\"position\">Ambasadorka POZ<\/span><\/div><div class=\"back\" style=\"background-color:#7DA055\"><div class=\"back-content\"><h3>Marta Goli\u0144ska<\/h3><span>Ambasadorka POZ<\/span><p> Uko\u0144czy\u0142am Akademi\u0119 Ekonomiczn\u0105 w Krakowie kierunek &#8222;Organizacja i zarz\u0105dzanie&#8221;, od 20 lat zwi\u0105zana jestem z mod\u0105. Aktualnie pracuj\u0119 jako manager w salonie Deni Cler w Krakowie. Uwa\u017cam si\u0119 za osob\u0119 pe\u0142n\u0105 energii i entuzjazmu. Uwielbiam ludzi, ciesz\u0105 mnie nawet ma\u0142e rzeczy.<\/p>\n<a id=\"button-1452594803\" href=\"http:\/\/porozmawiajmyozdrowiu.com\/?page_id=7442\" target=\"_self\" class=\"button_sc small\" ><span> czytaj wi\u0119cej<\/span><\/a><style type=\"text\/css\">#button-1452594803 {background-color: rgba(255, 255, 255, 0.20)!important; border-color: rgba(255, 255, 255, 0.20)!important;}#button-1452594803 span {color: #ffffff!important;}<\/style>\n<\/div><ul id=\"social-bar\" class=\"rounded\"><\/ul><\/div><\/div><\/div><div class=\"clearboth\"><\/div>\n<\/div>\n<div class=\"item\" style=\"margin: 0 15px\"><div class=\"team-box team-box-animated\"><div class=\"inner\"><div class=\"front\"><img src=\"http:\/\/porozmawiajmyozdrowiu.com\/wp-content\/uploads\/2015\/04\/katarzyna_nowicka.jpg\" alt=\"\"><h3>Katarzyna Nowicka<\/h3><span class=\"position\">Ambasadorka POZ<\/span><\/div><div class=\"back\" style=\"background-color:#7DA055\"><div class=\"back-content\"><h3>Katarzyna Nowicka<\/h3><span>Ambasadorka POZ<\/span><p> <strong>Jakimi warto\u015bciami kieruj\u0119 si\u0119 w \u017cyciu? Co jest dla mnie najwa\u017cniejsze?<\/strong><\/p>\n<p>W \u017cyciu kieruj\u0119 si\u0119 przede wszystkim uczciwo\u015bci\u0105 i szczero\u015bci\u0105, nie tylko wobec innych, ale przede wszystkim wobec samej siebie, to daje mi du\u017co spokoju ducha, a to druga dla mnie bardzo wa\u017cna rzecz. Oczywi\u015bcie najwa\u017cniejsza dla mnie jest rodzina, po wielu latach pobytu na obczy\u017anie doceni\u0142am jej warto\u015b\u0107. &#8230;<\/p>\n<a id=\"button-552203701\" href=\"http:\/\/porozmawiajmyozdrowiu.com\/?page_id=7461\" target=\"_self\" class=\"button_sc small\" ><span> czytaj wi\u0119cej<\/span><\/a><style type=\"text\/css\">#button-552203701 {background-color: rgba(255, 255, 255, 0.20)!important; border-color: rgba(255, 255, 255, 0.20)!important;}#button-552203701 span {color: #ffffff!important;}<\/style>\n<\/div><ul id=\"social-bar\" class=\"rounded\"><\/ul><\/div><\/div><\/div><div class=\"clearboth\"><\/div>\n<\/div>\n<\/div>\n\n\t\t<\/div> \n\t<\/div> \n<\/div>\n","protected":false},"excerpt":{"rendered":"Katarzyna NowickaAmbasadorka POZKatarzyna NowickaAmbasadorka POZ Jakimi warto\u015bciami kieruj\u0119 si\u0119 w \u017cyciu? Co jest dla mnie najwa\u017cniejsze? W \u017cyciu kieruj\u0119 si\u0119 przede wszystkim uczciwo\u015bci\u0105 i szczero\u015bci\u0105, nie tylko wobec innych, ale przede wszystkim wobec samej siebie, to daje mi du\u017co spokoju ducha, a to druga dla mnie bardzo wa\u017cna rzecz. Oczywi\u015bcie najwa\u017cniejsza dla mnie jest rodzina, [...]","protected":false},"author":1,"featured_media":0,"parent":0,"menu_order":0,"comment_status":"open","ping_status":"open","template":"template.fullwidth.vc.php","meta":[],"_links":{"self":[{"href":"http:\/\/porozmawiajmyozdrowiu.com\/index.php?rest_route=\/wp\/v2\/pages\/7442"}],"collection":[{"href":"http:\/\/porozmawiajmyozdrowiu.com\/index.php?rest_route=\/wp\/v2\/pages"}],"about":[{"href":"http:\/\/porozmawiajmyozdrowiu.com\/index.php?rest_route=\/wp\/v2\/types\/page"}],"author":[{"embeddable":true,"href":"http:\/\/porozmawiajmyozdrowiu.com\/index.php?rest_route=\/wp\/v2\/users\/1"}],"replies":[{"embeddable":true,"href":"http:\/\/porozmawiajmyozdrowiu.com\/index.php?rest_route=%2Fwp%2Fv2%2Fcomments&post=7442"}],"version-history":[{"count":2,"href":"http:\/\/porozmawiajmyozdrowiu.com\/index.php?rest_route=\/wp\/v2\/pages\/7442\/revisions"}],"predecessor-version":[{"id":7444,"href":"http:\/\/porozmawiajmyozdrowiu.com\/index.php?rest_route=\/wp\/v2\/pages\/7442\/revisions\/7444"}],"wp:attachment":[{"href":"http:\/\/porozmawiajmyozdrowiu.com\/index.php?rest_route=%2Fwp%2Fv2%2Fmedia&parent=7442"}],"curies":[{"name":"wp","href":"https:\/\/api.w.org\/{rel}","templated":true}]}}