{"id":5718,"date":"2014-11-28T13:13:12","date_gmt":"2014-11-28T13:13:12","guid":{"rendered":"http:\/\/dynamicpress.eu\/envato\/igora2\/?page_id=5718"},"modified":"2015-04-29T14:26:12","modified_gmt":"2015-04-29T14:26:12","slug":"o-nas","status":"publish","type":"page","link":"https:\/\/porozmawiajmyozdrowiu.com\/?page_id=5718","title":{"rendered":"O nas"},"content":{"rendered":"<div id=\"fws_69f4ad047ab29\" class=\"wpb_row vc_row-fluid vc_custom_1422614016214\" style=\"background-position:top center!important;\">\n\t<div class=\"vc_col-sm-6 wpb_column column_container\" >\n\t\t<div class=\"wpb_wrapper\">\n\t\t\t\n\t<div class=\"wpb_single_image wpb_content_element borderedimage vc_align_center\"data-animated =\"fadeInLeft\">\n\t\t<div class=\"wpb_wrapper\">\n\t\t\t\n\t\t\t<img width=\"900\" height=\"515\" src=\"https:\/\/porozmawiajmyozdrowiu.com\/wp-content\/uploads\/2014\/11\/akt1.jpg\" class=\" vc_box_border_grey attachment-full\" alt=\"\" loading=\"lazy\" srcset=\"https:\/\/porozmawiajmyozdrowiu.com\/wp-content\/uploads\/2014\/11\/akt1.jpg 900w, https:\/\/porozmawiajmyozdrowiu.com\/wp-content\/uploads\/2014\/11\/akt1-300x172.jpg 300w\" sizes=\"(max-width: 900px) 100vw, 900px\" \/>\n\t\t<\/div> \n\t<\/div> \n\t\t<\/div> \n\t<\/div> \n\n\t<div class=\"vc_col-sm-6 wpb_column column_container\" data-animated =\"fadeInRight\">\n\t\t<div class=\"wpb_wrapper\">\n\t\t\t<div class=\"headline heading-line \"><h3><span>O Nas<\/span><\/h3><\/div>\n\t<div class=\"wpb_text_column wpb_content_element \" >\n\t\t<div class=\"wpb_wrapper\">\n\t\t\t<p style=\"text-align: justify;\">Nasza inicjatywa posta\u0142a w roku 2007, skierowana jest do Was, mieszkanek Krakowa. Nasz tryb \u017cycia jest szybki, stresuj\u0105cy, czasem zapominamy o tym, co najwa\u017cniejsze. Nasze spotkania s\u0105 po to, aby\u015b si\u0119 zatrzyma\u0142a i pomy\u015bla\u0142a o sobie i swoim zdrowiu. Profilaktyka zdrowotna staje si\u0119 coraz popularniejsza, wzrasta nasza \u015bwiadomo\u015b\u0107. Dbajmy o siebie i piel\u0119gnujemy w sobie poczucie kontroli nad w\u0142asnym zdrowiem. My te\u017c jeste\u015bmy kobietami i doskonale rozumiemy Ciebie i Twoje problemy. U nas spotkasz cenionych specjalist\u00f3w z dziedziny medycyny oraz zdrowego trybu \u017cycia. Wydarzenia u\u015bwietniaj\u0105 znane osobowo\u015bci ze sceny, filmu, literatury. Naszymi go\u015b\u0107mi mi\u0119dzy innymi byli: Jakub Porada, Dominika W\u00f3jciak, Barbara Bursztynowicz, Joanna Szczepkowska, Ma\u0142gorzata Potocka, Olga Bo\u0144czyk, Katarzyna \u017bak, Ewa Kasprzyk, Mariola Bojarska-Ferenc, Beata Saba\u0142a-Zieli\u0144ska.<\/p>\n<p style=\"text-align: justify;\"><strong>Zapraszamy do udzia\u0142u w naszych spotkaniach. Przyjd\u017a, przekonaj si\u0119, \u017ce zdrowie jest najwa\u017cniejsze.<\/strong><\/p>\n\n\t\t<\/div> \n\t<\/div> \n\t\t<\/div> \n\t<\/div> \n<\/div><div id=\"fws_69f4ad047c02f\" class=\"wpb_row vc_row-fluid vc_custom_1427207695014\" style=\"background-position:top center!important;\">\n\t<div class=\"vc_col-sm-12 wpb_column column_container\" >\n\t\t<div class=\"wpb_wrapper\">\n\t\t\t<div class=\"headline heading-line \"><h3><span>Nasza Misja<\/span><\/h3><\/div>\n\t<div class=\"wpb_text_column wpb_content_element \" >\n\t\t<div class=\"wpb_wrapper\">\n\t\t\t<h3>Dlaczego to robimy?<\/h3>\n<p align=\"justify\">W dziedzinie profilaktyki Polska pozostaje daleko w tyle za Zachodni\u0105 Europ\u0105 i\u00a0Stanami Zjednoczonymi. Niestety, nadal pokutuje u nas opinia, \u017ce zdrowie to brak choroby. Polacy s\u0105 przekonani, \u017ce je\u017celi nic im nie dolega i nic ich nie boli, to wszystko jest w porz\u0105dku. Nie zdaj\u0105 sobie sprawy, \u017ce wiele chor\u00f3b daje symptomy dopiero w ostatniej fazie rozwoju.<br \/>\nAby u\u015bwiadomi\u0107 wag\u0119 bada\u0144 profilaktycznych, wymy\u015blili\u015bmy cykl &#8222;Porozmawiajmy o zdrowiu&#8221;. Jest to cykl debat popularyzuj\u0105cych najnowsze metody zapobiegania r\u00f3\u017cnym gro\u017anym chorobom cywilizacyjnym (mi\u0119dzy innymi nowotworowym, chorobom uk\u0142adu kr\u0105\u017cenia, oty\u0142o\u015bci). Poprzez nasze spotkania chcemy u\u015bwiadomi\u0107 Krakowianom, jak wa\u017cne s\u0105 badania profilaktyczne. Chcemy im przekaza\u0107, \u017ce profilaktyka nie zabiera wiele czasu, cz\u0119sto te\u017c nic nie kosztuje, a utwierdza nas w przekonaniu, \u017ce wszystko jest w porz\u0105dku i zapewnia spokojne sumienie.<\/p>\n<h3>Z profilaktyk\u0105 jeste\u015bmy na bakier<\/h3>\n<p align=\"justify\">Badania TNS OBOP pokazuj\u0105, \u017ce ponad po\u0142owa Polak\u00f3w (58%), szczeg\u00f3lnie m\u0119\u017cczy\u017ani, nie lubi rozmawia\u0107 ze znajomymi o w\u0142asnym zdrowiu. To kobiety znacznie cz\u0119\u015bciej podejmuj\u0105 t\u0119 tematyk\u0119 oraz jako stra\u017cniczki domowego ogniska dbaj\u0105 o zdrowie swoje i swojej rodziny. To w\u0142a\u015bnie do kobiet kierujemy nasz\u0105 akcj\u0119, kobiet ze \u015brodowisk opiniotw\u00f3rczych, aktywnych rodzinnie i zawodowo, otwartych na zmiany, dbaj\u0105cych o siebie. Liczymy na to, \u017ce zainspirowane naszymi spotkaniami b\u0119d\u0105; propagowa\u0107 profilaktyk\u0119 w\u015br\u00f3d swoich wsp\u00f3\u0142pracownik\u00f3w, przyjaci\u00f3\u0142, we w\u0142asnych rodzinach. Na\u00a0spotkania b\u0119d\u0105 zaproszeni r\u00f3wnie\u017c odbiorcy lokalnych medi\u00f3w, gdy\u017c chcemy, by\u00a0spotkania mia\u0142y charakter otwarty dla Krakowian i ich rodzin.<\/p>\n<h3>Razem mo\u017cemy wi\u0119cej<\/h3>\n<p align=\"justify\">Agencja Image Line Communications, Gazeta Krakowska i partnerzy akcji &#8222;Porozmawiajmy o Zdrowiu&#8221; pragn\u0105 u\u015bwiadomi\u0107 Krakowiankom i ich rodzinom, \u017ce nie nale\u017cy czeka\u0107, odk\u0142ada\u0107 profilaktyki na p\u00f3\u017aniej. Zbyt wiele os\u00f3b umiera niepotrzebnie wok\u00f3\u0142 nas. Niestety!<\/p>\n<p><strong>A zatem rozmawiajmy&#8230;<\/strong><\/p>\n\n\t\t<\/div> \n\t<\/div> \n\t\t<\/div> \n\t<\/div> \n<\/div><div id=\"fws_69f4ad047c6f0\" class=\"wpb_row vc_row-fluid vc_custom_1417286989357\" style=\"background-position:top center!important;\">\n\t<div class=\"vc_col-sm-12 wpb_column column_container\" >\n\t\t<div class=\"wpb_wrapper\">\n\t\t\t<div class=\"headline big-centered \"><h3><span>Nasze Ambasadorki<\/span><\/h3><\/div><script type=\"text\/javascript\">\r\n\t\t\t\t\t\tjQuery(document).ready(function() {\r\n \t\t\t\t\t\tjQuery(\"#carousel1806759448\").owlCarousel({autoPlay: 5000,items : 3,itemsDesktop : [1199,3],itemsDesktopSmall : [980,3],itemsTablet : [768,2],itemsMobile : [479,1],navigation : false,pagiantion: true,navigationText : [\"\",\"\"] });});\r\n\t\t\t\t\t\t<\/script><div id=\"carousel1806759448\" class=\"owl-carousel\"><div class=\"item\" style=\"margin: 0 15px\"><div class=\"team-box team-box-animated\"><div class=\"inner\"><div class=\"front\"><img src=\"https:\/\/porozmawiajmyozdrowiu.com\/wp-content\/uploads\/2015\/04\/janina_czaja.jpg\" alt=\"\"><h3>Janina Czaja<\/h3><span class=\"position\">Ambasadorka POZ<\/span><\/div><div class=\"back\" style=\"background-color:#7DA055\"><div class=\"back-content\"><h3>Janina Czaja<\/h3><span>Ambasadorka POZ<\/span><p> Na dzie\u0144 dzisiejszy nie pracuj\u0119 zawodowo. Zajmuj\u0119 si\u0119 domem i dogadzam mojej rodzince \u2013 m\u0119\u017cowi, synkom, synowej oraz pi\u0119cioletniej wnuczce Zuzannie. W liceum sportowym, do kt\u00f3rego chodzi m\u00f3j m\u0142odszy syn, udzielam si\u0119 w Radzie Rodzic\u00f3w. W wolnych chwilach lubi\u0119 czyta\u0107 ksi\u0105\u017cki i rozwi\u0105zywa\u0107 krzy\u017c\u00f3wki. Zajmuj\u0119 si\u0119 tak\u017ce ogrodem i jestem wiernym kibicem sportowym. &#8230;<\/p>\n<a id=\"button-661619989\" href=\" http:\/\/porozmawiajmyozdrowiu.com\/?page_id=7438\" target=\"_self\" class=\"button_sc small\" ><span> czytaj wi\u0119cej<\/span><\/a><style type=\"text\/css\">#button-661619989 {background-color: rgba(255, 255, 255, 0.20)!important; border-color: rgba(255, 255, 255, 0.20)!important;}#button-661619989 span {color: #ffffff!important;}<\/style>\n<\/div><ul id=\"social-bar\" class=\"rounded\"><\/ul><\/div><\/div><\/div><div class=\"clearboth\"><\/div>\n<\/div>\n<div class=\"item\" style=\"margin: 0 15px\"><div class=\"team-box team-box-animated\"><div class=\"inner\"><div class=\"front\"><img src=\"https:\/\/porozmawiajmyozdrowiu.com\/wp-content\/uploads\/2015\/04\/marta_golinska.jpg\" alt=\"\"><h3>Marta Goli\u0144ska<\/h3><span class=\"position\">Ambasadorka POZ<\/span><\/div><div class=\"back\" style=\"background-color:#7DA055\"><div class=\"back-content\"><h3>Marta Goli\u0144ska<\/h3><span>Ambasadorka POZ<\/span><p> Uko\u0144czy\u0142am Akademi\u0119 Ekonomiczn\u0105 w Krakowie kierunek &#8222;Organizacja i zarz\u0105dzanie&#8221;, od 20 lat zwi\u0105zana jestem z mod\u0105. Aktualnie pracuj\u0119 jako manager w salonie Deni Cler w Krakowie. Uwa\u017cam si\u0119 za osob\u0119 pe\u0142n\u0105 energii i entuzjazmu. Uwielbiam ludzi, ciesz\u0105 mnie nawet ma\u0142e rzeczy.<\/p>\n<a id=\"button-1736830347\" href=\"http:\/\/porozmawiajmyozdrowiu.com\/?page_id=7442\" target=\"_self\" class=\"button_sc small\" ><span> czytaj wi\u0119cej<\/span><\/a><style type=\"text\/css\">#button-1736830347 {background-color: rgba(255, 255, 255, 0.20)!important; border-color: rgba(255, 255, 255, 0.20)!important;}#button-1736830347 span {color: #ffffff!important;}<\/style>\n<\/div><ul id=\"social-bar\" class=\"rounded\"><\/ul><\/div><\/div><\/div><div class=\"clearboth\"><\/div>\n<\/div>\n<div class=\"item\" style=\"margin: 0 15px\"><div class=\"team-box team-box-animated\"><div class=\"inner\"><div class=\"front\"><img src=\"https:\/\/porozmawiajmyozdrowiu.com\/wp-content\/uploads\/2015\/04\/katarzyna_nowicka.jpg\" alt=\"\"><h3>Katarzyna Nowicka<\/h3><span class=\"position\">Ambasadorka POZ<\/span><\/div><div class=\"back\" style=\"background-color:#7DA055\"><div class=\"back-content\"><h3>Katarzyna Nowicka<\/h3><span>Ambasadorka POZ<\/span><p> <strong>Jakimi warto\u015bciami kieruj\u0119 si\u0119 w \u017cyciu? Co jest dla mnie najwa\u017cniejsze?<\/strong><\/p>\n<p>W \u017cyciu kieruj\u0119 si\u0119 przede wszystkim uczciwo\u015bci\u0105 i szczero\u015bci\u0105, nie tylko wobec innych, ale przede wszystkim wobec samej siebie, to daje mi du\u017co spokoju ducha, a to druga dla mnie bardzo wa\u017cna rzecz. Oczywi\u015bcie najwa\u017cniejsza dla mnie jest rodzina, po wielu latach pobytu na obczy\u017anie doceni\u0142am jej warto\u015b\u0107. &#8230;<\/p>\n<a id=\"button-1874510097\" href=\"http:\/\/porozmawiajmyozdrowiu.com\/?page_id=7461\" target=\"_self\" class=\"button_sc small\" ><span> czytaj wi\u0119cej<\/span><\/a><style type=\"text\/css\">#button-1874510097 {background-color: rgba(255, 255, 255, 0.20)!important; border-color: rgba(255, 255, 255, 0.20)!important;}#button-1874510097 span {color: #ffffff!important;}<\/style>\n<\/div><ul id=\"social-bar\" class=\"rounded\"><\/ul><\/div><\/div><\/div><div class=\"clearboth\"><\/div>\n<\/div>\n<\/div>\n\n\t\t<\/div> \n\t<\/div> \n<\/div>\n","protected":false},"excerpt":{"rendered":"Katarzyna NowickaAmbasadorka POZKatarzyna NowickaAmbasadorka POZ Jakimi warto\u015bciami kieruj\u0119 si\u0119 w \u017cyciu? Co jest dla mnie najwa\u017cniejsze? W \u017cyciu kieruj\u0119 si\u0119 przede wszystkim uczciwo\u015bci\u0105 i szczero\u015bci\u0105, nie tylko wobec innych, ale przede wszystkim wobec samej siebie, to daje mi du\u017co spokoju ducha, a to druga dla mnie bardzo wa\u017cna rzecz. Oczywi\u015bcie najwa\u017cniejsza dla mnie jest rodzina, [...]","protected":false},"author":1,"featured_media":0,"parent":0,"menu_order":0,"comment_status":"open","ping_status":"open","template":"template.fullwidth.vc.php","meta":[],"_links":{"self":[{"href":"https:\/\/porozmawiajmyozdrowiu.com\/index.php?rest_route=\/wp\/v2\/pages\/5718"}],"collection":[{"href":"https:\/\/porozmawiajmyozdrowiu.com\/index.php?rest_route=\/wp\/v2\/pages"}],"about":[{"href":"https:\/\/porozmawiajmyozdrowiu.com\/index.php?rest_route=\/wp\/v2\/types\/page"}],"author":[{"embeddable":true,"href":"https:\/\/porozmawiajmyozdrowiu.com\/index.php?rest_route=\/wp\/v2\/users\/1"}],"replies":[{"embeddable":true,"href":"https:\/\/porozmawiajmyozdrowiu.com\/index.php?rest_route=%2Fwp%2Fv2%2Fcomments&post=5718"}],"version-history":[{"count":18,"href":"https:\/\/porozmawiajmyozdrowiu.com\/index.php?rest_route=\/wp\/v2\/pages\/5718\/revisions"}],"predecessor-version":[{"id":7446,"href":"https:\/\/porozmawiajmyozdrowiu.com\/index.php?rest_route=\/wp\/v2\/pages\/5718\/revisions\/7446"}],"wp:attachment":[{"href":"https:\/\/porozmawiajmyozdrowiu.com\/index.php?rest_route=%2Fwp%2Fv2%2Fmedia&parent=5718"}],"curies":[{"name":"wp","href":"https:\/\/api.w.org\/{rel}","templated":true}]}}